{"id":197,"date":"2022-05-11T16:44:38","date_gmt":"2022-05-11T14:44:38","guid":{"rendered":"https:\/\/zwangsarbeit-in-berlin.de\/de\/?post_type=slideshow&#038;p=197"},"modified":"2022-07-14T20:35:24","modified_gmt":"2022-07-14T18:35:24","slug":"das-propagandaministerium","status":"publish","type":"slideshow","link":"https:\/\/zwangsarbeit-in-berlin.de\/en\/slideshow\/ministry-for-propaganda\/","title":{"rendered":"Ministry for Propaganda"},"excerpt":{"rendered":"<p>In Joseph Goebbels\u2019 Propaganda, Slavs and Jews were depicted as subhuman.<\/p>\n","protected":false},"featured_media":1073,"template":"","class_list":["post-197","slideshow","type-slideshow","status-publish","has-post-thumbnail","hentry"],"meta_box":{"id":"20602","media":[{"width":150,"height":150,"file":"2022\/05\/propagandamin-1-f.jpg","filesize":117795,"sizes":{"medium":{"file":"propagandamin-1-f-300x200.jpg","width":300,"height":200,"mime-type":"image\/jpeg","filesize":23851,"url":"https:\/\/zwangsarbeit-in-berlin.de\/wp-content\/uploads\/2022\/05\/propagandamin-1-f-300x200.jpg"},"thumbnail":{"file":"propagandamin-1-f-150x150.jpg","width":150,"height":150,"mime-type":"image\/jpeg","url":"https:\/\/zwangsarbeit-in-berlin.de\/wp-content\/uploads\/2022\/05\/propagandamin-1-f-150x150.jpg"},"medium_large":{"file":"propagandamin-1-f-768x512.jpg","width":768,"height":512,"mime-type":"image\/jpeg","url":"https:\/\/zwangsarbeit-in-berlin.de\/wp-content\/uploads\/2022\/05\/propagandamin-1-f-768x512.jpg"}},"image_meta":{"aperture":"2.4","credit":"","camera":"iPhone 5","caption":"","created_timestamp":"1361031551","copyright":"","focal_length":"4.13","iso":"64","shutter_speed":"0.0166666666667","title":"","orientation":"1","keywords":[]},"ID":"364","name":"propagandamin-1-f.jpg","path":"\/www\/htdocs\/w0177182\/zwangsarbeit-in-berlin.de\/wp\/wp-content\/uploads\/2022\/05\/propagandamin-1-f.jpg","url":"https:\/\/zwangsarbeit-in-berlin.de\/wp-content\/uploads\/2022\/05\/propagandamin-1-f-150x150.jpg","full_url":"https:\/\/zwangsarbeit-in-berlin.de\/wp-content\/uploads\/2022\/05\/propagandamin-1-f.jpg","title":"20603","caption":"[:de]Das ehemalige Reichsministerium f\u00fcr Volksaufkl\u00e4rung und Propaganda. Heute ist hier das Bundesarbeitsministerium.[:en]The former Reich Ministry for Popular Enlightenment and Propaganda, now the Federal Ministry of Labour.[:]","description":"","alt":"","srcset":false},{"width":150,"height":150,"file":"2022\/05\/goebbels-arbeitszimmer-f.jpg","filesize":62853,"sizes":{"medium":{"file":"goebbels-arbeitszimmer-f-300x300.jpg","width":300,"height":300,"mime-type":"image\/jpeg","filesize":27200,"url":"https:\/\/zwangsarbeit-in-berlin.de\/wp-content\/uploads\/2022\/05\/goebbels-arbeitszimmer-f-300x300.jpg"},"thumbnail":{"file":"goebbels-arbeitszimmer-f-150x150.jpg","width":150,"height":150,"mime-type":"image\/jpeg","url":"https:\/\/zwangsarbeit-in-berlin.de\/wp-content\/uploads\/2022\/05\/goebbels-arbeitszimmer-f-150x150.jpg"}},"image_meta":{"aperture":"0","credit":"Bundesarchiv","camera":"","caption":"Zentralbild\nReichsminister Dr. Josef Goebbels.\nDr. Joseph Goebbels, Reichsminister f\u00fcr Volksaufkl\u00e4rung und Propaganda bei einer Besprechung mit seinem Staatssekret\u00e4r Walter Funk in seinem Arbeitszimmer im Ministerium. Im Hintergrund der pers\u00f6nliche Referent des Ministers Karl Hanke. (Aufnahme 1937)\n13271-37","created_timestamp":"0","copyright":"","focal_length":"0","iso":"0","shutter_speed":"0","title":"Joseph Goebbels im Arbeitszimmer","orientation":"1","keywords":[]},"ID":"365","name":"goebbels-arbeitszimmer-f.jpg","path":"\/www\/htdocs\/w0177182\/zwangsarbeit-in-berlin.de\/wp\/wp-content\/uploads\/2022\/05\/goebbels-arbeitszimmer-f.jpg","url":"https:\/\/zwangsarbeit-in-berlin.de\/wp-content\/uploads\/2022\/05\/goebbels-arbeitszimmer-f-150x150.jpg","full_url":"https:\/\/zwangsarbeit-in-berlin.de\/wp-content\/uploads\/2022\/05\/goebbels-arbeitszimmer-f.jpg","title":"20604","caption":"[:de]Joseph Goebbels in seinem Arbeitszimmer, 1937[:en]Joseph Goebbels in his study, 1937[:]","description":"Bundesarchiv, Bild 183-H29353 \/ CC-BY-SA","alt":"","srcset":"https:\/\/zwangsarbeit-in-berlin.de\/wp-content\/uploads\/2022\/05\/goebbels-arbeitszimmer-f-150x150.jpg 150w, https:\/\/zwangsarbeit-in-berlin.de\/wp-content\/uploads\/2022\/05\/goebbels-arbeitszimmer-f-300x300.jpg 300w, https:\/\/zwangsarbeit-in-berlin.de\/wp-content\/uploads\/2022\/05\/goebbels-arbeitszimmer-f.jpg 640w"},{"width":150,"height":150,"file":"2022\/05\/einsatz-von-polen-f.jpg","filesize":210182,"sizes":{"medium":{"file":"einsatz-von-polen-f-300x346.jpg","width":300,"height":346,"mime-type":"image\/jpeg","filesize":34389,"url":"https:\/\/zwangsarbeit-in-berlin.de\/wp-content\/uploads\/2022\/05\/einsatz-von-polen-f-300x346.jpg"},"thumbnail":{"file":"einsatz-von-polen-f-150x150.jpg","width":150,"height":150,"mime-type":"image\/jpeg","url":"https:\/\/zwangsarbeit-in-berlin.de\/wp-content\/uploads\/2022\/05\/einsatz-von-polen-f-150x150.jpg"},"medium_large":{"file":"einsatz-von-polen-f-768x885.jpg","width":768,"height":885,"mime-type":"image\/jpeg","url":"https:\/\/zwangsarbeit-in-berlin.de\/wp-content\/uploads\/2022\/05\/einsatz-von-polen-f-768x885.jpg"}},"image_meta":{"aperture":"0","credit":"","camera":"","caption":"","created_timestamp":"0","copyright":"","focal_length":"0","iso":"0","shutter_speed":"0","title":"","orientation":"0","keywords":[]},"ID":"366","name":"einsatz-von-polen-f.jpg","path":"\/www\/htdocs\/w0177182\/zwangsarbeit-in-berlin.de\/wp\/wp-content\/uploads\/2022\/05\/einsatz-von-polen-f.jpg","url":"https:\/\/zwangsarbeit-in-berlin.de\/wp-content\/uploads\/2022\/05\/einsatz-von-polen-f-150x150.jpg","full_url":"https:\/\/zwangsarbeit-in-berlin.de\/wp-content\/uploads\/2022\/05\/einsatz-von-polen-f.jpg","title":"20605","caption":"[:de]Bestimmt und zur\u00fcckhaltend! Ermahnung der \u201eVolksgenossen\u201c, Abstand von den Pol*innen zu halten, 1943[:en]Cautious and reserved! Warning for Germans to keep their distance from the Polish workers, 1943[:]","description":"","alt":"","srcset":false}]},"_links":{"self":[{"href":"https:\/\/zwangsarbeit-in-berlin.de\/en\/wp-json\/wp\/v2\/slideshow\/197","targetHints":{"allow":["GET"]}}],"collection":[{"href":"https:\/\/zwangsarbeit-in-berlin.de\/en\/wp-json\/wp\/v2\/slideshow"}],"about":[{"href":"https:\/\/zwangsarbeit-in-berlin.de\/en\/wp-json\/wp\/v2\/types\/slideshow"}],"wp:featuredmedia":[{"embeddable":true,"href":"https:\/\/zwangsarbeit-in-berlin.de\/en\/wp-json\/wp\/v2\/media\/1073"}],"wp:attachment":[{"href":"https:\/\/zwangsarbeit-in-berlin.de\/en\/wp-json\/wp\/v2\/media?parent=197"}],"curies":[{"name":"wp","href":"https:\/\/api.w.org\/{rel}","templated":true}]}}