{"id":163,"date":"2022-05-17T15:15:59","date_gmt":"2022-05-17T13:15:59","guid":{"rendered":"https:\/\/zwangsarbeit-in-berlin.de\/de\/?post_type=station&#038;p=163"},"modified":"2022-05-17T15:27:18","modified_gmt":"2022-05-17T13:27:18","slug":"im-polizeigefaengnis","status":"publish","type":"station","link":"https:\/\/zwangsarbeit-in-berlin.de\/de\/station\/im-polizeigefaengnis\/","title":{"rendered":"Im Polizeigef\u00e4ngnis"},"content":{"rendered":"<p>Das Gef\u00e4ngnis des Polizeipr\u00e4sidiums am Alexanderplatz war f\u00fcr die Zwangsarbeiter ein gef\u00fcrchteter Ort. Viele sa\u00dfen dort f\u00fcr Fluchtversuche ein, bevor sie in ein Straflager eingeliefert wurden. F\u00fcr andere war es eine Station auf dem Weg durch verschiedene Lager.<\/p>\n<p>An der Stelle des Polizeipr\u00e4sidiums steht heute ein Einkaufszentrum, auf der Verkehrsinsel gibt es eine Gedenktafel.<\/p>","protected":false},"template":"","class_list":["post-163","station","type-station","status-publish","hentry"],"meta_box":{"id":"506","goto":"Alexanderplatz, Verkehrsinsel vor Alexa","street":"Grunerstra\u00dfe 20","city":"Berlin","zip":"10178","gps":"52.520672,13.414419","directions":"S\/U Alexanderplatz","picture":{"width":150,"height":150,"file":"2022\/05\/alex-2-2013-f.jpg","filesize":205845,"sizes":{"medium":{"file":"alex-2-2013-f-300x200.jpg","width":300,"height":200,"mime-type":"image\/jpeg","filesize":17349,"url":"https:\/\/zwangsarbeit-in-berlin.de\/wp-content\/uploads\/2022\/05\/alex-2-2013-f-300x200.jpg"},"large":{"file":"alex-2-2013-f-1024x682.jpg","width":1024,"height":682,"mime-type":"image\/jpeg","url":"https:\/\/zwangsarbeit-in-berlin.de\/wp-content\/uploads\/2022\/05\/alex-2-2013-f-1024x682.jpg"},"thumbnail":{"file":"alex-2-2013-f-150x150.jpg","width":150,"height":150,"mime-type":"image\/jpeg","url":"https:\/\/zwangsarbeit-in-berlin.de\/wp-content\/uploads\/2022\/05\/alex-2-2013-f-150x150.jpg"},"medium_large":{"file":"alex-2-2013-f-768x512.jpg","width":768,"height":512,"mime-type":"image\/jpeg","url":"https:\/\/zwangsarbeit-in-berlin.de\/wp-content\/uploads\/2022\/05\/alex-2-2013-f-768x512.jpg"}},"image_meta":{"aperture":"2.4","credit":"","camera":"iPhone 5","caption":"","created_timestamp":"0","copyright":"","focal_length":"4.1","iso":"50","shutter_speed":"0.00131061598952","title":"","orientation":"1","keywords":[]},"ID":"723","name":"alex-2-2013-f.jpg","path":"\/www\/htdocs\/w0177182\/zwangsarbeit-in-berlin.de\/wp\/wp-content\/uploads\/2022\/05\/alex-2-2013-f.jpg","url":"https:\/\/zwangsarbeit-in-berlin.de\/wp-content\/uploads\/2022\/05\/alex-2-2013-f-150x150.jpg","full_url":"https:\/\/zwangsarbeit-in-berlin.de\/wp-content\/uploads\/2022\/05\/alex-2-2013-f.jpg","title":"50601","caption":"[:de]Alexanderplatz, Verkehrsinsel vor Alexa[:en]Alexanderplatz, Verkehrsinsel vor Alexa[:]","description":"Wikipedia","alt":"","srcset":false},"media":[276,277,278,279],"bios":[464,488,435],"sources":"<p>\u201eDas Polizeigef\u00e4ngnis am Alexanderplatz\u201c: Landesarchiv Berlin (1, 2); OTFW<\/p><p>\u201eBabylon in der Transportzelle\u201c: Interview mit Franti\u0161ek G., Online-Archiv \u201eZwangsarbeit 1939-1945\u201c, za206<\/p><p>\u201eEin Verh\u00f6r\u201c: Interview mit Olga S., 2005, Online-Archiv \u201eZwangsarbeit 1939-1945\u201c, za335<\/p><p>\u201eAngst vor den Menschen drau\u00dfen\u201c: Interview mit W\u0142adys\u0142aw Lepieszka, 2004, Sammlung Berliner Geschichtswerkstatt"},"_links":{"self":[{"href":"https:\/\/zwangsarbeit-in-berlin.de\/de\/wp-json\/wp\/v2\/station\/163","targetHints":{"allow":["GET"]}}],"collection":[{"href":"https:\/\/zwangsarbeit-in-berlin.de\/de\/wp-json\/wp\/v2\/station"}],"about":[{"href":"https:\/\/zwangsarbeit-in-berlin.de\/de\/wp-json\/wp\/v2\/types\/station"}],"wp:attachment":[{"href":"https:\/\/zwangsarbeit-in-berlin.de\/de\/wp-json\/wp\/v2\/media?parent=163"}],"curies":[{"name":"wp","href":"https:\/\/api.w.org\/{rel}","templated":true}]}}